{"id":6583,"date":"2025-02-07T11:15:37","date_gmt":"2025-02-07T10:15:37","guid":{"rendered":"https:\/\/astridlindgrensnas.se\/mat\/das-restaurant\/"},"modified":"2026-04-24T13:02:28","modified_gmt":"2026-04-24T11:02:28","slug":"das-restaurant","status":"publish","type":"food","link":"https:\/\/astridlindgrensnas.se\/de\/mat\/das-restaurant\/","title":{"rendered":"Das Restaurant"},"content":{"rendered":"\n<div data-aos=\"\" data-aos-duration=\"\" class=\"tablet:px-4 mobile-sm:px-2\">\n\t<div class=\"flex flex-col items-center w-full px-6 m-auto rounded-md mobile:px-5 mt-7 inner-contain bg-whiteish mb-7\">\n\n\t\t\t\t\t<h2 class=\"w-3\/4 text-center pt-7 text-darkGreen tablet:w-full\">\u00d6ffnungszeiten<\/h2>\n\t\t\t\t<div class=\"flex flex-col items-center justify-center w-full m-auto py-7 desktop-sm:px-4 tablet:px-0 text-contain\">\n\t\t\t<div class=\"flex flex-col items-center justify-center w-full\">\n\n\t\t\t\t\t\t\t\t\t\t\t\t\t\t\t<div class=\"flex flex-col items-start justify-center w-full pb-5\">\n\n\t\t\t\t\t\t\t<div class=\"wysiwyg-style \">\n\t\t\t\t\t\t\t\t<p style=\"text-align: center;\"><strong>1. Mai\u201312. Mai<\/strong><br \/>\n10:00\u201316:00 (Fr\u2013So)<br \/>\nWarme Speisen werden von 11:30\u201316:00 serviert<\/p>\n<p style=\"text-align: center;\"><strong>13. Mai\u201318. Juni<\/strong><br \/>\n10:00\u201318:00 (t\u00e4glich)<br \/>\nWarme Speisen werden von 11:30\u201316:00 serviert<\/p>\n<p style=\"text-align: center;\"><strong>19. Juni\u201316. August<\/strong><br \/>\n10:00\u201318:00 (t\u00e4glich)<br \/>\nWarme Speisen werden von 11:30\u201317:00 serviert<\/p>\n<p style=\"text-align: center;\"><strong>17. August\u201322. September<\/strong><br \/>\n10:00\u201317:00 (t\u00e4glich)<br \/>\nWarme Speisen werden von 11:30\u201316:00 serviert<\/p>\n\t\t\t\t\t\t\t<\/div>\n\t\t\t\t\t\t\t\t\t\t\t\t\t<\/div>\n\t\t\t\t\t\t\t\t\t\n\t\t\t<\/div>\n\n\t\t<\/div>\n\n\t<\/div>\n<\/div>\n\n\n<div data-aos=\"\" data-aos-duration=\"\" class=\"tablet:px-4 mobile-sm:px-2\">\n\t<div class=\"flex flex-col items-center w-full px-6 m-auto rounded-md mobile:px-5 mt-7 inner-contain bg-whiteish mb-7\">\n\n\t\t\t\t\t<h2 class=\"w-3\/4 text-center pt-7 text-darkGreen tablet:w-full\">Meny<\/h2>\n\t\t\t\t<div class=\"flex flex-col items-center justify-center w-full m-auto py-7 desktop-sm:px-4 tablet:px-0 text-contain\">\n\t\t\t<div class=\"flex flex-col items-center justify-center w-full\">\n\n\t\t\t\t\t\t\t\t\t\t\t\t\t\t\t<div class=\"flex flex-col items-center justify-center w-full pb-5\">\n\n\t\t\t\t\t\t\t<div class=\"wysiwyg-style text-center\">\n\t\t\t\t\t\t\t\t<p style=\"text-align: center;\"><strong>Warm ger\u00e4ucherte Regenbogenforelle von der R\u00e4ucherei V\u00e4gga<\/strong><\/p>\n<p style=\"text-align: center;\">mit Salzkartoffeln aus Aby, Fenchelsalat mit einem Hauch von Dill- und Zitrone, ger\u00f6steten \u00f6l\u00e4ndischen Rapssamen und einer milden Kr\u00e4utercreme<\/p>\n<p style=\"text-align: center;\">185 SEK<\/p>\n<p>&nbsp;<\/p>\n<p style=\"text-align: center;\"><strong>Unsere hausgemachte Sommerquiche mit s\u00fc\u00dfen Tomaten und gereiftem K\u00e4se von der Molkerei Brostorp,<\/strong><\/p>\n<p style=\"text-align: center;\">garniert mit aufgeschlagener Sauerrahmcreme und rotem Algenkaviar, serviert mit einem frischen, leicht s\u00e4uerlichen gr\u00fcnen Blattsalat mit Fenchel und Dill<\/p>\n<p style=\"text-align: center;\">185 SEK<\/p>\n<p>&nbsp;<\/p>\n<p style=\"text-align: center;\"><strong>N\u00e4s\u00b4 Gartensalat mit H\u00e4hnchen vom Hof Bj\u00e4re<\/strong><\/p>\n<p style=\"text-align: center;\">mit Gem\u00fcse vom Hof Korka Kvarn und Kartoffelscheiben aus Aby, Hemost-K\u00e4se von der Molkerei Brostorp, aufgeschlagener Kr\u00e4utercreme, Sauerteig-Cro\u00fbtons und Bl\u00fcten aus dem Garten<\/p>\n<p style=\"text-align: center;\">180 SEK<\/p>\n<p>&nbsp;<\/p>\n<p style=\"text-align: center;\"><strong>Hackb\u00e4llchen des Hauses aus Rinderhackfleisch vom Hof Bjursund<\/strong><\/p>\n<p style=\"text-align: center;\">mit Salzkartoffeln aus Aby, Sahnesauce, Gurkensalat und hausgemachtem Preiselbeerkompott<\/p>\n<p style=\"text-align: center;\">95 SEK \/185 SEK<\/p>\n<p>&nbsp;<\/p>\n<p style=\"text-align: center;\"><strong>Lauwarmer Ofenpfannkuchen<\/strong><\/p>\n<p style=\"text-align: center;\">mit hausgemachtem Erdbeerkompott und locker geschlagener Sahne<\/p>\n<p style=\"text-align: center;\">90 SEK<\/p>\n<p>&nbsp;<\/p>\n<p style=\"text-align: center;\">Unter Vorbehalt eventueller \u00c4nderungen<\/p>\n\t\t\t\t\t\t\t<\/div>\n\t\t\t\t\t\t\t\t\t\t\t\t\t<\/div>\n\t\t\t\t\t\t\t\t\t\n\t\t\t<\/div>\n\n\t\t<\/div>\n\n\t<\/div>\n<\/div>\n\n<div data-aos=\"\" data-aos-duration=\"\" class=\"flex flex-col items-start justify-center w-full mb-[-64px] tablet-lg:px-0 tablet-lg:mb-0 py-7\">\n\t<div class=\"relative z-0 items-center w-full m-auto inner-contain tablet-lg:max-w-none tablet-lg:px-0 tablet-lg:gap-4\">\n\t\t\t\t\t<div data-sliderid=\"mat\" class=\"tablet-lg:px-4 mb-4 w-full rounded-lg tablet-lg:rounded-none justify-start flex overflow-hidden mat tablet:mb-2 image-slider\">\n\t\t\t\t<div class=\"flex justify-center mobile:gap-0 swiper-wrapper tablet-lg:justify-start\">\n\t\t\t\t\t\t\t\t\t\t\t<img decoding=\"async\" src=\"https:\/\/astridlindgrensnas.se\/wp-content\/uploads\/2025\/01\/evenemanghero-scaled.jpg\" alt=\"\" class=\"object-cover w-full rounded-lg mobile:max-w-full tablet-lg:mx-0 aspect-square swiper-slide\" \/>\n\t\t\t\t\t\t\t\t\t\t\t<img decoding=\"async\" src=\"https:\/\/astridlindgrensnas.se\/wp-content\/uploads\/2025\/02\/appellunden-1.jpg\" alt=\"\" class=\"object-cover w-full rounded-lg mobile:max-w-full tablet-lg:mx-0 aspect-square swiper-slide\" \/>\n\t\t\t\t\t\t\t\t\t\t\t<img decoding=\"async\" src=\"https:\/\/astridlindgrensnas.se\/wp-content\/uploads\/2025\/02\/appellunden-2.jpg\" alt=\"\" class=\"object-cover w-full rounded-lg mobile:max-w-full tablet-lg:mx-0 aspect-square swiper-slide\" \/>\n\t\t\t\t\t\t\t\t\t<\/div>\n\t\t\t<\/div>\n\t\t\t<div class=\"!w-1\/2 !m-auto swiper-scrollbar mat-scrollbar\"><\/div>\n\t\t\t\t\t<\/div>\n<\/div>","protected":false},"author":1,"featured_media":0,"template":"","class_list":["post-6583","food","type-food","status-publish","hentry"],"acf":{"information":[{"is_show":false,"show_info":null,"store_info":[{"time_open":"11:00:00","time_close":"16:00:00","store_season":[33,34],"store_days":["Friday","Saturday","Sunday"]},{"time_open":"10:00:00","time_close":"18:00:00","store_season":[39],"store_days":["Wednesday","Thursday","Friday","Saturday","Sunday"]},{"time_open":"10:00:00","time_close":"18:00:00","store_season":[40,41,42,43,44,45,46,47,48,49,50,51,52],"store_days":["All"]},{"time_open":"10:00:00","time_close":"17:00:00","store_season":[53,54,55,56,57],"store_days":["All"]},{"time_open":"11:00:00","time_close":"19:00:00","store_season":[6],"store_days":["Friday"]},{"time_open":"11:00:00","time_close":"17:00:00","store_season":[7],"store_days":["Saturday","Sunday"]}]}]},"_links":{"self":[{"href":"https:\/\/astridlindgrensnas.se\/de\/wp-json\/wp\/v2\/food\/6583","targetHints":{"allow":["GET"]}}],"collection":[{"href":"https:\/\/astridlindgrensnas.se\/de\/wp-json\/wp\/v2\/food"}],"about":[{"href":"https:\/\/astridlindgrensnas.se\/de\/wp-json\/wp\/v2\/types\/food"}],"author":[{"embeddable":true,"href":"https:\/\/astridlindgrensnas.se\/de\/wp-json\/wp\/v2\/users\/1"}],"version-history":[{"count":10,"href":"https:\/\/astridlindgrensnas.se\/de\/wp-json\/wp\/v2\/food\/6583\/revisions"}],"predecessor-version":[{"id":125032,"href":"https:\/\/astridlindgrensnas.se\/de\/wp-json\/wp\/v2\/food\/6583\/revisions\/125032"}],"wp:attachment":[{"href":"https:\/\/astridlindgrensnas.se\/de\/wp-json\/wp\/v2\/media?parent=6583"}],"curies":[{"name":"wp","href":"https:\/\/api.w.org\/{rel}","templated":true}]}}